{"id":20549,"date":"2020-03-06T09:00:30","date_gmt":"2020-03-06T09:00:30","guid":{"rendered":"http:\/\/festtraeume.de\/wordpress\/?post_type=product&#038;p=20549"},"modified":"2020-06-14T17:33:34","modified_gmt":"2020-06-14T17:33:34","slug":"kerzenstaender-silberfarben-11cm","status":"publish","type":"product","link":"https:\/\/festtraeume.de\/wordpress\/product\/kerzenstaender-silberfarben-11cm\/","title":{"rendered":"Kerzenst\u00e4nder silberfarben 11cm"},"content":{"rendered":"<p>Kerzenst\u00e4nder silberfarben<br \/>\nhochverchromt, H\u00f6he 11cm<br \/>\nnutzbar mit Stabkerzen (auf Anfrage)<br \/>\nLeihpreis pro St\u00fcck \u20ac 3,50<\/p>\n","protected":false},"excerpt":{"rendered":"<p>Kerzenst\u00e4nder silberfarben<br \/>\nhochverchromt, H\u00f6he 11cm<br \/>\nnutzbar mit Stabkerzen (auf Anfrage)<br \/>\nLeihpreis pro St\u00fcck \u20ac 3,50<\/p>\n","protected":false},"featured_media":20548,"template":"","meta":[],"product_cat":[33],"product_tag":[],"yoast_head":"<!-- This site is optimized with the Yoast SEO plugin v19.3 - https:\/\/yoast.com\/wordpress\/plugins\/seo\/ -->\n<title>Kerzenst\u00e4nder silberfarben 11cm &ndash; FESTTR\u00c4UME<\/title>\n<meta name=\"robots\" content=\"index, follow, max-snippet:-1, max-image-preview:large, max-video-preview:-1\" \/>\n<link rel=\"canonical\" href=\"https:\/\/festtraeume.de\/wordpress\/product\/kerzenstaender-silberfarben-11cm\/\" \/>\n<meta property=\"og:locale\" content=\"de_DE\" \/>\n<meta property=\"og:type\" content=\"article\" \/>\n<meta property=\"og:title\" content=\"Kerzenst\u00e4nder silberfarben 11cm &ndash; FESTTR\u00c4UME\" \/>\n<meta property=\"og:description\" content=\"Kerzenst\u00e4nder silberfarben hochverchromt, H\u00f6he 11cm nutzbar mit Stabkerzen (auf Anfrage) Leihpreis pro St\u00fcck \u20ac 3,50\" \/>\n<meta property=\"og:url\" content=\"https:\/\/festtraeume.de\/wordpress\/product\/kerzenstaender-silberfarben-11cm\/\" \/>\n<meta property=\"og:site_name\" content=\"FESTTR\u00c4UME\" \/>\n<meta property=\"article:modified_time\" content=\"2020-06-14T17:33:34+00:00\" \/>\n<meta property=\"og:image\" content=\"https:\/\/festtraeume.de\/wordpress\/wp-content\/uploads\/2020\/03\/Kerzenleuchter-silber.jpg\" \/>\n\t<meta property=\"og:image:width\" content=\"476\" \/>\n\t<meta property=\"og:image:height\" content=\"1945\" \/>\n\t<meta property=\"og:image:type\" content=\"image\/jpeg\" \/>\n<meta name=\"twitter:card\" content=\"summary_large_image\" \/>\n<script type=\"application\/ld+json\" class=\"yoast-schema-graph\">{\"@context\":\"https:\/\/schema.org\",\"@graph\":[{\"@type\":\"Organization\",\"@id\":\"https:\/\/festtraeume.de\/wordpress\/#organization\",\"name\":\"Geschirrverleih Festtr\u00e4ume in Balingen\",\"url\":\"https:\/\/festtraeume.de\/wordpress\/\",\"sameAs\":[],\"logo\":{\"@type\":\"ImageObject\",\"inLanguage\":\"de\",\"@id\":\"https:\/\/festtraeume.de\/wordpress\/#\/schema\/logo\/image\/\",\"url\":\"\",\"contentUrl\":\"\",\"caption\":\"Geschirrverleih Festtr\u00e4ume in Balingen\"},\"image\":{\"@id\":\"https:\/\/festtraeume.de\/wordpress\/#\/schema\/logo\/image\/\"}},{\"@type\":\"WebSite\",\"@id\":\"https:\/\/festtraeume.de\/wordpress\/#website\",\"url\":\"https:\/\/festtraeume.de\/wordpress\/\",\"name\":\"Geschirrverleih Festtr\u00e4ume in Balingen - Teller, Besteck, Gl\u00e4ser mieten\",\"description\":\"\",\"publisher\":{\"@id\":\"https:\/\/festtraeume.de\/wordpress\/#organization\"},\"potentialAction\":[{\"@type\":\"SearchAction\",\"target\":{\"@type\":\"EntryPoint\",\"urlTemplate\":\"https:\/\/festtraeume.de\/wordpress\/?s={search_term_string}\"},\"query-input\":\"required name=search_term_string\"}],\"inLanguage\":\"de\"},{\"@type\":\"ImageObject\",\"inLanguage\":\"de\",\"@id\":\"https:\/\/festtraeume.de\/wordpress\/product\/kerzenstaender-silberfarben-11cm\/#primaryimage\",\"url\":\"https:\/\/festtraeume.de\/wordpress\/wp-content\/uploads\/2020\/03\/Kerzenleuchter-silber.jpg\",\"contentUrl\":\"https:\/\/festtraeume.de\/wordpress\/wp-content\/uploads\/2020\/03\/Kerzenleuchter-silber.jpg\",\"width\":476,\"height\":1945,\"caption\":\"1305\"},{\"@type\":\"WebPage\",\"@id\":\"https:\/\/festtraeume.de\/wordpress\/product\/kerzenstaender-silberfarben-11cm\/\",\"url\":\"https:\/\/festtraeume.de\/wordpress\/product\/kerzenstaender-silberfarben-11cm\/\",\"name\":\"Kerzenst\u00e4nder silberfarben 11cm &ndash; FESTTR\u00c4UME\",\"isPartOf\":{\"@id\":\"https:\/\/festtraeume.de\/wordpress\/#website\"},\"primaryImageOfPage\":{\"@id\":\"https:\/\/festtraeume.de\/wordpress\/product\/kerzenstaender-silberfarben-11cm\/#primaryimage\"},\"datePublished\":\"2020-03-06T09:00:30+00:00\",\"dateModified\":\"2020-06-14T17:33:34+00:00\",\"breadcrumb\":{\"@id\":\"https:\/\/festtraeume.de\/wordpress\/product\/kerzenstaender-silberfarben-11cm\/#breadcrumb\"},\"inLanguage\":\"de\",\"potentialAction\":[{\"@type\":\"ReadAction\",\"target\":[\"https:\/\/festtraeume.de\/wordpress\/product\/kerzenstaender-silberfarben-11cm\/\"]}]},{\"@type\":\"BreadcrumbList\",\"@id\":\"https:\/\/festtraeume.de\/wordpress\/product\/kerzenstaender-silberfarben-11cm\/#breadcrumb\",\"itemListElement\":[{\"@type\":\"ListItem\",\"position\":1,\"name\":\"Startseite\",\"item\":\"https:\/\/festtraeume.de\/wordpress\/\"},{\"@type\":\"ListItem\",\"position\":2,\"name\":\"Verleih-Shop\",\"item\":\"https:\/\/festtraeume.de\/wordpress\/verleih-shop\/\"},{\"@type\":\"ListItem\",\"position\":3,\"name\":\"Kerzenst\u00e4nder silberfarben 11cm\"}]}]}<\/script>\n<!-- \/ Yoast SEO plugin. -->","yoast_head_json":{"title":"Kerzenst\u00e4nder silberfarben 11cm &ndash; FESTTR\u00c4UME","robots":{"index":"index","follow":"follow","max-snippet":"max-snippet:-1","max-image-preview":"max-image-preview:large","max-video-preview":"max-video-preview:-1"},"canonical":"https:\/\/festtraeume.de\/wordpress\/product\/kerzenstaender-silberfarben-11cm\/","og_locale":"de_DE","og_type":"article","og_title":"Kerzenst\u00e4nder silberfarben 11cm &ndash; FESTTR\u00c4UME","og_description":"Kerzenst\u00e4nder silberfarben hochverchromt, H\u00f6he 11cm nutzbar mit Stabkerzen (auf Anfrage) Leihpreis pro St\u00fcck \u20ac 3,50","og_url":"https:\/\/festtraeume.de\/wordpress\/product\/kerzenstaender-silberfarben-11cm\/","og_site_name":"FESTTR\u00c4UME","article_modified_time":"2020-06-14T17:33:34+00:00","og_image":[{"width":476,"height":1945,"url":"https:\/\/festtraeume.de\/wordpress\/wp-content\/uploads\/2020\/03\/Kerzenleuchter-silber.jpg","type":"image\/jpeg"}],"twitter_card":"summary_large_image","schema":{"@context":"https:\/\/schema.org","@graph":[{"@type":"Organization","@id":"https:\/\/festtraeume.de\/wordpress\/#organization","name":"Geschirrverleih Festtr\u00e4ume in Balingen","url":"https:\/\/festtraeume.de\/wordpress\/","sameAs":[],"logo":{"@type":"ImageObject","inLanguage":"de","@id":"https:\/\/festtraeume.de\/wordpress\/#\/schema\/logo\/image\/","url":"","contentUrl":"","caption":"Geschirrverleih Festtr\u00e4ume in Balingen"},"image":{"@id":"https:\/\/festtraeume.de\/wordpress\/#\/schema\/logo\/image\/"}},{"@type":"WebSite","@id":"https:\/\/festtraeume.de\/wordpress\/#website","url":"https:\/\/festtraeume.de\/wordpress\/","name":"Geschirrverleih Festtr\u00e4ume in Balingen - Teller, Besteck, Gl\u00e4ser mieten","description":"","publisher":{"@id":"https:\/\/festtraeume.de\/wordpress\/#organization"},"potentialAction":[{"@type":"SearchAction","target":{"@type":"EntryPoint","urlTemplate":"https:\/\/festtraeume.de\/wordpress\/?s={search_term_string}"},"query-input":"required name=search_term_string"}],"inLanguage":"de"},{"@type":"ImageObject","inLanguage":"de","@id":"https:\/\/festtraeume.de\/wordpress\/product\/kerzenstaender-silberfarben-11cm\/#primaryimage","url":"https:\/\/festtraeume.de\/wordpress\/wp-content\/uploads\/2020\/03\/Kerzenleuchter-silber.jpg","contentUrl":"https:\/\/festtraeume.de\/wordpress\/wp-content\/uploads\/2020\/03\/Kerzenleuchter-silber.jpg","width":476,"height":1945,"caption":"1305"},{"@type":"WebPage","@id":"https:\/\/festtraeume.de\/wordpress\/product\/kerzenstaender-silberfarben-11cm\/","url":"https:\/\/festtraeume.de\/wordpress\/product\/kerzenstaender-silberfarben-11cm\/","name":"Kerzenst\u00e4nder silberfarben 11cm &ndash; FESTTR\u00c4UME","isPartOf":{"@id":"https:\/\/festtraeume.de\/wordpress\/#website"},"primaryImageOfPage":{"@id":"https:\/\/festtraeume.de\/wordpress\/product\/kerzenstaender-silberfarben-11cm\/#primaryimage"},"datePublished":"2020-03-06T09:00:30+00:00","dateModified":"2020-06-14T17:33:34+00:00","breadcrumb":{"@id":"https:\/\/festtraeume.de\/wordpress\/product\/kerzenstaender-silberfarben-11cm\/#breadcrumb"},"inLanguage":"de","potentialAction":[{"@type":"ReadAction","target":["https:\/\/festtraeume.de\/wordpress\/product\/kerzenstaender-silberfarben-11cm\/"]}]},{"@type":"BreadcrumbList","@id":"https:\/\/festtraeume.de\/wordpress\/product\/kerzenstaender-silberfarben-11cm\/#breadcrumb","itemListElement":[{"@type":"ListItem","position":1,"name":"Startseite","item":"https:\/\/festtraeume.de\/wordpress\/"},{"@type":"ListItem","position":2,"name":"Verleih-Shop","item":"https:\/\/festtraeume.de\/wordpress\/verleih-shop\/"},{"@type":"ListItem","position":3,"name":"Kerzenst\u00e4nder silberfarben 11cm"}]}]}},"_links":{"self":[{"href":"https:\/\/festtraeume.de\/wordpress\/wp-json\/wp\/v2\/product\/20549"}],"collection":[{"href":"https:\/\/festtraeume.de\/wordpress\/wp-json\/wp\/v2\/product"}],"about":[{"href":"https:\/\/festtraeume.de\/wordpress\/wp-json\/wp\/v2\/types\/product"}],"wp:featuredmedia":[{"embeddable":true,"href":"https:\/\/festtraeume.de\/wordpress\/wp-json\/wp\/v2\/media\/20548"}],"wp:attachment":[{"href":"https:\/\/festtraeume.de\/wordpress\/wp-json\/wp\/v2\/media?parent=20549"}],"wp:term":[{"taxonomy":"product_cat","embeddable":true,"href":"https:\/\/festtraeume.de\/wordpress\/wp-json\/wp\/v2\/product_cat?post=20549"},{"taxonomy":"product_tag","embeddable":true,"href":"https:\/\/festtraeume.de\/wordpress\/wp-json\/wp\/v2\/product_tag?post=20549"}],"curies":[{"name":"wp","href":"https:\/\/api.w.org\/{rel}","templated":true}]}}