{"id":20370,"date":"2020-02-11T15:57:15","date_gmt":"2020-02-11T15:57:15","guid":{"rendered":"http:\/\/festtraeume.de\/wordpress\/?post_type=product&#038;p=20370"},"modified":"2022-12-14T10:01:23","modified_gmt":"2022-12-14T10:01:23","slug":"weissweinglas-30cl","status":"publish","type":"product","link":"https:\/\/festtraeume.de\/wordpress\/product\/weissweinglas-30cl\/","title":{"rendered":"Wei\u00dfweinglas 30cl (Gebindeeinheit 24 St\u00fcck)"},"content":{"rendered":"<p>Wei\u00dfweinglas<br \/>\nWeinglas Klarglas 25cl<br \/>\n1 Gebindeeinheit 24 St\u00fcck<br \/>\nLeihpreis \u20ac 15,00 (Gebindepreis)<br \/>\nSehr gut als Wasserglas oder stilvolles Glas f\u00fcr alkoholfreie Getr\u00e4nke zu verwenden.<br \/>\nIn Verbindung mit dem Rotweinglas gut im Gedeck f\u00fcr Wein und Wasser nutzbar.<\/p>\n","protected":false},"excerpt":{"rendered":"<p>Wei\u00dfweinglas<br \/>\nWeinglas Klarglas 25cl<br \/>\n1 Gebindeeinheit 24 St\u00fcck<br \/>\nLeihpreis \u20ac 15,00 (Gebindepreis)<br \/>\nSehr gut als Wasserglas oder stilvolles Glas f\u00fcr alkoholfreie Getr\u00e4nke zu verwenden.<br \/>\nIn Verbindung mit dem Rotweinglas gut im Gedeck f\u00fcr Wein und Wasser nutzbar.<\/p>\n","protected":false},"featured_media":20688,"template":"","meta":[],"product_cat":[219],"product_tag":[],"yoast_head":"<!-- This site is optimized with the Yoast SEO plugin v19.3 - https:\/\/yoast.com\/wordpress\/plugins\/seo\/ -->\n<title>Wei\u00dfweinglas 30cl (Gebindeeinheit 24 St\u00fcck) &ndash; FESTTR\u00c4UME<\/title>\n<meta name=\"robots\" content=\"index, follow, max-snippet:-1, max-image-preview:large, max-video-preview:-1\" \/>\n<link rel=\"canonical\" href=\"https:\/\/festtraeume.de\/wordpress\/product\/weissweinglas-30cl\/\" \/>\n<meta property=\"og:locale\" content=\"de_DE\" \/>\n<meta property=\"og:type\" content=\"article\" \/>\n<meta property=\"og:title\" content=\"Wei\u00dfweinglas 30cl (Gebindeeinheit 24 St\u00fcck) &ndash; FESTTR\u00c4UME\" \/>\n<meta property=\"og:description\" content=\"Wei\u00dfweinglas Weinglas Klarglas 25cl 1 Gebindeeinheit 24 St\u00fcck Leihpreis \u20ac 15,00 (Gebindepreis) Sehr gut als Wasserglas oder stilvolles Glas f\u00fcr alkoholfreie Getr\u00e4nke zu verwenden. In Verbindung mit dem Rotweinglas gut im Gedeck f\u00fcr Wein und Wasser nutzbar.\" \/>\n<meta property=\"og:url\" content=\"https:\/\/festtraeume.de\/wordpress\/product\/weissweinglas-30cl\/\" \/>\n<meta property=\"og:site_name\" content=\"FESTTR\u00c4UME\" \/>\n<meta property=\"article:modified_time\" content=\"2022-12-14T10:01:23+00:00\" \/>\n<meta property=\"og:image\" content=\"https:\/\/festtraeume.de\/wordpress\/wp-content\/uploads\/2020\/02\/Wei\u00dfweinglas-1.jpg\" \/>\n\t<meta property=\"og:image:width\" content=\"425\" \/>\n\t<meta property=\"og:image:height\" content=\"424\" \/>\n\t<meta property=\"og:image:type\" content=\"image\/jpeg\" \/>\n<meta name=\"twitter:card\" content=\"summary_large_image\" \/>\n<meta name=\"twitter:label1\" content=\"Gesch\u00e4tzte Lesezeit\" \/>\n\t<meta name=\"twitter:data1\" content=\"1\u00a0Minute\" \/>\n<script type=\"application\/ld+json\" class=\"yoast-schema-graph\">{\"@context\":\"https:\/\/schema.org\",\"@graph\":[{\"@type\":\"Organization\",\"@id\":\"https:\/\/festtraeume.de\/wordpress\/#organization\",\"name\":\"Geschirrverleih Festtr\u00e4ume in Balingen\",\"url\":\"https:\/\/festtraeume.de\/wordpress\/\",\"sameAs\":[],\"logo\":{\"@type\":\"ImageObject\",\"inLanguage\":\"de\",\"@id\":\"https:\/\/festtraeume.de\/wordpress\/#\/schema\/logo\/image\/\",\"url\":\"\",\"contentUrl\":\"\",\"caption\":\"Geschirrverleih Festtr\u00e4ume in Balingen\"},\"image\":{\"@id\":\"https:\/\/festtraeume.de\/wordpress\/#\/schema\/logo\/image\/\"}},{\"@type\":\"WebSite\",\"@id\":\"https:\/\/festtraeume.de\/wordpress\/#website\",\"url\":\"https:\/\/festtraeume.de\/wordpress\/\",\"name\":\"Geschirrverleih Festtr\u00e4ume in Balingen - Teller, Besteck, Gl\u00e4ser mieten\",\"description\":\"\",\"publisher\":{\"@id\":\"https:\/\/festtraeume.de\/wordpress\/#organization\"},\"potentialAction\":[{\"@type\":\"SearchAction\",\"target\":{\"@type\":\"EntryPoint\",\"urlTemplate\":\"https:\/\/festtraeume.de\/wordpress\/?s={search_term_string}\"},\"query-input\":\"required name=search_term_string\"}],\"inLanguage\":\"de\"},{\"@type\":\"ImageObject\",\"inLanguage\":\"de\",\"@id\":\"https:\/\/festtraeume.de\/wordpress\/product\/weissweinglas-30cl\/#primaryimage\",\"url\":\"https:\/\/festtraeume.de\/wordpress\/wp-content\/uploads\/2020\/02\/Wei\u00dfweinglas-1.jpg\",\"contentUrl\":\"https:\/\/festtraeume.de\/wordpress\/wp-content\/uploads\/2020\/02\/Wei\u00dfweinglas-1.jpg\",\"width\":425,\"height\":424},{\"@type\":\"WebPage\",\"@id\":\"https:\/\/festtraeume.de\/wordpress\/product\/weissweinglas-30cl\/\",\"url\":\"https:\/\/festtraeume.de\/wordpress\/product\/weissweinglas-30cl\/\",\"name\":\"Wei\u00dfweinglas 30cl (Gebindeeinheit 24 St\u00fcck) &ndash; FESTTR\u00c4UME\",\"isPartOf\":{\"@id\":\"https:\/\/festtraeume.de\/wordpress\/#website\"},\"primaryImageOfPage\":{\"@id\":\"https:\/\/festtraeume.de\/wordpress\/product\/weissweinglas-30cl\/#primaryimage\"},\"datePublished\":\"2020-02-11T15:57:15+00:00\",\"dateModified\":\"2022-12-14T10:01:23+00:00\",\"breadcrumb\":{\"@id\":\"https:\/\/festtraeume.de\/wordpress\/product\/weissweinglas-30cl\/#breadcrumb\"},\"inLanguage\":\"de\",\"potentialAction\":[{\"@type\":\"ReadAction\",\"target\":[\"https:\/\/festtraeume.de\/wordpress\/product\/weissweinglas-30cl\/\"]}]},{\"@type\":\"BreadcrumbList\",\"@id\":\"https:\/\/festtraeume.de\/wordpress\/product\/weissweinglas-30cl\/#breadcrumb\",\"itemListElement\":[{\"@type\":\"ListItem\",\"position\":1,\"name\":\"Startseite\",\"item\":\"https:\/\/festtraeume.de\/wordpress\/\"},{\"@type\":\"ListItem\",\"position\":2,\"name\":\"Verleih-Shop\",\"item\":\"https:\/\/festtraeume.de\/wordpress\/verleih-shop\/\"},{\"@type\":\"ListItem\",\"position\":3,\"name\":\"Wei\u00dfweinglas 30cl (Gebindeeinheit 24 St\u00fcck)\"}]}]}<\/script>\n<!-- \/ Yoast SEO plugin. -->","yoast_head_json":{"title":"Wei\u00dfweinglas 30cl (Gebindeeinheit 24 St\u00fcck) &ndash; FESTTR\u00c4UME","robots":{"index":"index","follow":"follow","max-snippet":"max-snippet:-1","max-image-preview":"max-image-preview:large","max-video-preview":"max-video-preview:-1"},"canonical":"https:\/\/festtraeume.de\/wordpress\/product\/weissweinglas-30cl\/","og_locale":"de_DE","og_type":"article","og_title":"Wei\u00dfweinglas 30cl (Gebindeeinheit 24 St\u00fcck) &ndash; FESTTR\u00c4UME","og_description":"Wei\u00dfweinglas Weinglas Klarglas 25cl 1 Gebindeeinheit 24 St\u00fcck Leihpreis \u20ac 15,00 (Gebindepreis) Sehr gut als Wasserglas oder stilvolles Glas f\u00fcr alkoholfreie Getr\u00e4nke zu verwenden. In Verbindung mit dem Rotweinglas gut im Gedeck f\u00fcr Wein und Wasser nutzbar.","og_url":"https:\/\/festtraeume.de\/wordpress\/product\/weissweinglas-30cl\/","og_site_name":"FESTTR\u00c4UME","article_modified_time":"2022-12-14T10:01:23+00:00","og_image":[{"width":425,"height":424,"url":"https:\/\/festtraeume.de\/wordpress\/wp-content\/uploads\/2020\/02\/Wei\u00dfweinglas-1.jpg","type":"image\/jpeg"}],"twitter_card":"summary_large_image","twitter_misc":{"Gesch\u00e4tzte Lesezeit":"1\u00a0Minute"},"schema":{"@context":"https:\/\/schema.org","@graph":[{"@type":"Organization","@id":"https:\/\/festtraeume.de\/wordpress\/#organization","name":"Geschirrverleih Festtr\u00e4ume in Balingen","url":"https:\/\/festtraeume.de\/wordpress\/","sameAs":[],"logo":{"@type":"ImageObject","inLanguage":"de","@id":"https:\/\/festtraeume.de\/wordpress\/#\/schema\/logo\/image\/","url":"","contentUrl":"","caption":"Geschirrverleih Festtr\u00e4ume in Balingen"},"image":{"@id":"https:\/\/festtraeume.de\/wordpress\/#\/schema\/logo\/image\/"}},{"@type":"WebSite","@id":"https:\/\/festtraeume.de\/wordpress\/#website","url":"https:\/\/festtraeume.de\/wordpress\/","name":"Geschirrverleih Festtr\u00e4ume in Balingen - Teller, Besteck, Gl\u00e4ser mieten","description":"","publisher":{"@id":"https:\/\/festtraeume.de\/wordpress\/#organization"},"potentialAction":[{"@type":"SearchAction","target":{"@type":"EntryPoint","urlTemplate":"https:\/\/festtraeume.de\/wordpress\/?s={search_term_string}"},"query-input":"required name=search_term_string"}],"inLanguage":"de"},{"@type":"ImageObject","inLanguage":"de","@id":"https:\/\/festtraeume.de\/wordpress\/product\/weissweinglas-30cl\/#primaryimage","url":"https:\/\/festtraeume.de\/wordpress\/wp-content\/uploads\/2020\/02\/Wei\u00dfweinglas-1.jpg","contentUrl":"https:\/\/festtraeume.de\/wordpress\/wp-content\/uploads\/2020\/02\/Wei\u00dfweinglas-1.jpg","width":425,"height":424},{"@type":"WebPage","@id":"https:\/\/festtraeume.de\/wordpress\/product\/weissweinglas-30cl\/","url":"https:\/\/festtraeume.de\/wordpress\/product\/weissweinglas-30cl\/","name":"Wei\u00dfweinglas 30cl (Gebindeeinheit 24 St\u00fcck) &ndash; FESTTR\u00c4UME","isPartOf":{"@id":"https:\/\/festtraeume.de\/wordpress\/#website"},"primaryImageOfPage":{"@id":"https:\/\/festtraeume.de\/wordpress\/product\/weissweinglas-30cl\/#primaryimage"},"datePublished":"2020-02-11T15:57:15+00:00","dateModified":"2022-12-14T10:01:23+00:00","breadcrumb":{"@id":"https:\/\/festtraeume.de\/wordpress\/product\/weissweinglas-30cl\/#breadcrumb"},"inLanguage":"de","potentialAction":[{"@type":"ReadAction","target":["https:\/\/festtraeume.de\/wordpress\/product\/weissweinglas-30cl\/"]}]},{"@type":"BreadcrumbList","@id":"https:\/\/festtraeume.de\/wordpress\/product\/weissweinglas-30cl\/#breadcrumb","itemListElement":[{"@type":"ListItem","position":1,"name":"Startseite","item":"https:\/\/festtraeume.de\/wordpress\/"},{"@type":"ListItem","position":2,"name":"Verleih-Shop","item":"https:\/\/festtraeume.de\/wordpress\/verleih-shop\/"},{"@type":"ListItem","position":3,"name":"Wei\u00dfweinglas 30cl (Gebindeeinheit 24 St\u00fcck)"}]}]}},"_links":{"self":[{"href":"https:\/\/festtraeume.de\/wordpress\/wp-json\/wp\/v2\/product\/20370"}],"collection":[{"href":"https:\/\/festtraeume.de\/wordpress\/wp-json\/wp\/v2\/product"}],"about":[{"href":"https:\/\/festtraeume.de\/wordpress\/wp-json\/wp\/v2\/types\/product"}],"wp:featuredmedia":[{"embeddable":true,"href":"https:\/\/festtraeume.de\/wordpress\/wp-json\/wp\/v2\/media\/20688"}],"wp:attachment":[{"href":"https:\/\/festtraeume.de\/wordpress\/wp-json\/wp\/v2\/media?parent=20370"}],"wp:term":[{"taxonomy":"product_cat","embeddable":true,"href":"https:\/\/festtraeume.de\/wordpress\/wp-json\/wp\/v2\/product_cat?post=20370"},{"taxonomy":"product_tag","embeddable":true,"href":"https:\/\/festtraeume.de\/wordpress\/wp-json\/wp\/v2\/product_tag?post=20370"}],"curies":[{"name":"wp","href":"https:\/\/api.w.org\/{rel}","templated":true}]}}